{"id":49,"date":"2019-12-21T16:48:47","date_gmt":"2019-12-21T16:48:47","guid":{"rendered":"http:\/\/foesselauf.de\/?page_id=49"},"modified":"2026-03-08T19:53:11","modified_gmt":"2026-03-08T19:53:11","slug":"informationen","status":"publish","type":"page","link":"http:\/\/foesselauf.de\/?page_id=49","title":{"rendered":"Ausschreibung"},"content":{"rendered":"\n<p>Bitte diesem <a href=\"https:\/\/my.raceresult.com\/386995\/\" data-type=\"link\" data-id=\"https:\/\/my.raceresult.com\/386995\/\">Link<\/a> folgen!<\/p>\n\n\n\n<p>Zur <a href=\"https:\/\/my.raceresult.com\/386995\/\" data-type=\"link\" data-id=\"https:\/\/my.raceresult.com\/386995\/\">ANMELDUNG!<\/a><\/p>\n\n\n\n<p>____________________________________________________________________<\/p>\n\n\n\n<p>Alte Ausschreibung 11. F\u00f6sselauf<\/p>\n\n\n\n<h3 class=\"wp-block-heading\"><strong>Der 11. F\u00f6sselauf am Samstag, 27. September 2025 ist ein genehmigter Volkslauf und Teil der Sparkassen-Laufpass-Serie der Region Hannover.<\/strong><\/h3>\n\n\n\n<p><strong>Die Hauptl\u00e4ufe (5 km und 10 km) sind Landschaftsl\u00e4ufe. Es geht \u00fcberwiegend auf fest geschotterten Wegen an der F\u00f6sse entlang.<\/strong><\/p>\n\n\n\n<p>Die Streckenpl\u00e4ne der Hauptl\u00e4ufe werden zum Download bereitgestellt.<\/p>\n\n\n\n<p><\/p>\n\n\n\n<p><\/p>\n\n\n<div class=\"wp-block-image\">\n<figure class=\"alignright size-large is-resized\"><img loading=\"lazy\" decoding=\"async\" width=\"1024\" height=\"405\" src=\"http:\/\/foesselauf.de\/wp-content\/uploads\/2023\/09\/Logo-Laufpass-Kopie-1024x405.jpg\" alt=\"\" class=\"wp-image-195\" style=\"aspect-ratio:2.552380952380952;width:310px;height:auto\" srcset=\"http:\/\/foesselauf.de\/wp-content\/uploads\/2023\/09\/Logo-Laufpass-Kopie-1024x405.jpg 1024w, http:\/\/foesselauf.de\/wp-content\/uploads\/2023\/09\/Logo-Laufpass-Kopie-300x119.jpg 300w, http:\/\/foesselauf.de\/wp-content\/uploads\/2023\/09\/Logo-Laufpass-Kopie-768x304.jpg 768w, http:\/\/foesselauf.de\/wp-content\/uploads\/2023\/09\/Logo-Laufpass-Kopie-1536x607.jpg 1536w, http:\/\/foesselauf.de\/wp-content\/uploads\/2023\/09\/Logo-Laufpass-Kopie-2048x810.jpg 2048w, http:\/\/foesselauf.de\/wp-content\/uploads\/2023\/09\/Logo-Laufpass-Kopie-3x1.jpg 3w\" sizes=\"auto, (max-width: 1024px) 100vw, 1024px\" \/><\/figure><\/div>\n\n\n<figure class=\"wp-block-image size-full is-resized\"><img loading=\"lazy\" decoding=\"async\" width=\"200\" height=\"200\" src=\"http:\/\/foesselauf.de\/wp-content\/uploads\/2025\/06\/Genehmigter-Lauf-25-klein.png\" alt=\"\" class=\"wp-image-332\" style=\"width:191px;height:auto\" srcset=\"http:\/\/foesselauf.de\/wp-content\/uploads\/2025\/06\/Genehmigter-Lauf-25-klein.png 200w, http:\/\/foesselauf.de\/wp-content\/uploads\/2025\/06\/Genehmigter-Lauf-25-klein-150x150.png 150w, http:\/\/foesselauf.de\/wp-content\/uploads\/2025\/06\/Genehmigter-Lauf-25-klein-1x1.png 1w\" sizes=\"auto, (max-width: 200px) 100vw, 200px\" \/><\/figure>\n\n\n\n<p><\/p>\n\n\n\n<h3 class=\"wp-block-heading\"><\/h3>\n\n\n\n<p><strong>Start und Ziel:<\/strong><\/p>\n\n\n\n<p>Gel\u00e4nde des TV Badenstedt, Salzhemmendorfer Str. 12, 30455 Hannover<\/p>\n\n\n\n<p><\/p>\n\n\n\n<h3 class=\"wp-block-heading\"><strong>Strecken und Startzeiten:<\/strong><\/h3>\n\n\n\n<p><strong>10 km-Lauf f\u00fcr Erwachsene, Jugendliche und Kinder<\/strong> (ab Jahrgang 2013), Start: <strong>09.30 Uhr<\/strong><\/p>\n\n\n\n<p><strong>1,5 km-Lauf f\u00fcr Kinder und Jugendliche<\/strong> (Jahrg\u00e4nge 2010-2019), Start: <strong>09.40 Uhr<\/strong><\/p>\n\n\n\n<p><strong>500 m Bambini-Lauf I Krippe\/Kindergarten (w)<\/strong>, Start:&nbsp;<strong>09.50 Uhr<\/strong><\/p>\n\n\n\n<p><strong>500 m Bambini-Lauf II Krippe\/Kindergarten (m)<\/strong>, Start:&nbsp;<strong>09.55 Uhr<\/strong><\/p>\n\n\n\n<p><strong>5 km-(Nordic) Walking f\u00fcr Erwachsene und Jugendliche<\/strong>, Start:&nbsp;<strong>11.00 Uhr<\/strong><\/p>\n\n\n\n<p><strong>5 km-Lauf f\u00fcr Erwach., Jugendliche u Kinder<\/strong> (ab Jahrgang 2015), Start: <strong>11.00 Uhr<\/strong>&nbsp;&nbsp;<\/p>\n\n\n\n<p><strong>500 m Bambini-Lauf III Grundsch\u00fclerinnen<\/strong>, Start:&nbsp;<strong>11.10 Uhr<\/strong><\/p>\n\n\n\n<p><strong>500 m Bambini-Lauf IV Grundsch\u00fcler<\/strong>, Start:&nbsp;<strong>11.15 Uhr<\/strong><br>&nbsp;<\/p>\n\n\n\n<p>(F\u00fcr den 10 km-Lauf gilt eine Sollzeit von 2 Stunden. Bei \u00dcberschreiten der Zeit kann der Lauf dann nur noch unter Beachtung der Stra\u00dfenverkehrsordnung beendet werden.)<\/p>\n\n\n\n<h3 class=\"wp-block-heading\"><strong>Meldegeb\u00fchren:<\/strong><\/h3>\n\n\n\n<p>500 m Bambini-L\u00e4ufe:&nbsp;&nbsp;&nbsp;&nbsp;&nbsp;&nbsp;&nbsp;&nbsp;&nbsp;&nbsp;&nbsp; 3 \u20ac&nbsp;<\/p>\n\n\n\n<p>1,5 km-Lauf:&nbsp; &nbsp; &nbsp; &nbsp; &nbsp; &nbsp; &nbsp; &nbsp; &nbsp; &nbsp; &nbsp; &nbsp; &nbsp; &nbsp;4 \u20ac&nbsp;<\/p>\n\n\n\n<p>5 km-(Nordic) Walking:&nbsp;&nbsp;&nbsp; &nbsp; &nbsp;   7 \u20ac<\/p>\n\n\n\n<p>5 km-Lauf:&nbsp;&nbsp;&nbsp;&nbsp;&nbsp;&nbsp;&nbsp;&nbsp;&nbsp;&nbsp;&nbsp;&nbsp;&nbsp;&nbsp;&nbsp;&nbsp;&nbsp;&nbsp;&nbsp;&nbsp;&nbsp;&nbsp;&nbsp;&nbsp;&nbsp;&nbsp;&nbsp;&nbsp;&nbsp;&nbsp;&nbsp;7 \u20ac &nbsp; (Jahrg\u00e4nge 2008 bis 2015: 5 \u20ac)<\/p>\n\n\n\n<p>10 km-Lauf:&nbsp;&nbsp;&nbsp;&nbsp;&nbsp;&nbsp;&nbsp;&nbsp;&nbsp;&nbsp;&nbsp;&nbsp;&nbsp;&nbsp;&nbsp;&nbsp;&nbsp;&nbsp;&nbsp;&nbsp;&nbsp;&nbsp;&nbsp;&nbsp;&nbsp;&nbsp;&nbsp;&nbsp;10 \u20ac &nbsp; (Jahrg\u00e4nge 2009 bis 2013: 7 \u20ac)<\/p>\n\n\n\n<p><strong>Die Bezahlung erfolgt nach der Online-Anmeldung per SEPA-Basislastschrift.<\/strong><\/p>\n\n\n\n<h3 class=\"wp-block-heading\"><strong>Online-Anmeldeschluss: &nbsp; &nbsp; &nbsp;&nbsp;<\/strong><\/h3>\n\n\n\n<p><strong>Freitag, 26. September 2025, 21.00 Uhr<\/strong><\/p>\n\n\n\n<p>Nachmeldungen sind &nbsp;am Samstag, den 27.09.2025 ab 8 Uhr bis 45 min vor dem jeweiligen Start m\u00f6glich. F\u00fcr Nachmeldungen wird eine zus\u00e4tzliche Geb\u00fchr von 3 \u20ac erhoben (f\u00fcr die 500 m Bambini-L\u00e4ufe und den 1,5 km-Lauf 2 \u20ac).<\/p>\n\n\n\n<p><em>Meldegeb\u00fchr zzgl. Nachmeldegeb\u00fchr sind dann in bar zu bezahlen.<\/em><\/p>\n\n\n\n<h3 class=\"wp-block-heading\"><strong>Ausgabe der Startnummern:<\/strong><\/h3>\n\n\n\n<p>Freitag, 26.09.2025, 16.30 \u2013 18.30 Uhr &nbsp; &nbsp; und<\/p>\n\n\n\n<p>Samstag, 27.09.2025 ab 8 Uhr<\/p>\n\n\n\n<p>jeweils auf dem Gel\u00e4nde des <strong>TV Badenstedt, Salzhemmendorfer Str. 12, 30455 Hannover<\/strong><\/p>\n\n\n\n<p>Bitte kommt rechtzeitig (wir empfehlen mindestens 30 Minuten vor der Startzeit eures Laufes) zur Abholung eurer Startnummer!<\/p>\n\n\n\n<h3 class=\"wp-block-heading\">Verpflegung<strong>:<\/strong><\/h3>\n\n\n\n<p>F\u00fcr die L\u00e4ufer*innen gibt es im Ziel Wasser sowie Obstst\u00fccke. Auf den Strecken gibt es keine Verpflegung.<\/p>\n\n\n\n<p>Bei hohen Temperaturen (ab 20\u00b0 C) wird es auf der 10 km-Strecke einen Erfrischungsstand (Wasser) geben.<\/p>\n\n\n\n<hr class=\"wp-block-separator has-alpha-channel-opacity\"\/>\n\n\n\n<h3 class=\"wp-block-heading\"><strong>Zeitmessung und Urkunden:<\/strong><\/h3>\n\n\n\n<p>Die Zeitmessung erfolgt elektronisch durch Chip an der Startnummer.<br>Nach dem Lauf werden Online-Urkunden zum Selbstausdrucken bereitgestellt. Diese findet man unter &#8222;Ergebnisse&#8220; beim Anklicken des &nbsp;Namens.<\/p>\n\n\n\n<p>Jedes Kind erh\u00e4lt beim Zieleinlauf eine Medaille.<\/p>\n\n\n\n<hr class=\"wp-block-separator has-alpha-channel-opacity\"\/>\n\n\n\n<h3 class=\"wp-block-heading\"><strong>Preise:<\/strong><\/h3>\n\n\n\n<p>Im Anschluss an die Hauptl\u00e4ufe (5 km und 10 km) gibt es eine Siegerehrung, bei der jeweils die Erstplatzierten Frauen und M\u00e4nner (1. &#8211; 3. Platz) Sachpreise erhalten.<\/p>\n\n\n\n<hr class=\"wp-block-separator has-alpha-channel-opacity\"\/>\n\n\n\n<h3 class=\"wp-block-heading\"><strong>Nachhaltigkeit:<\/strong><\/h3>\n\n\n\n<p>Da wir uns um Nachhaltigkeit bem\u00fchen, bieten wir zum Beispiel <strong>keine Startnummern mit Namen<\/strong> an.&nbsp;Alle, die kein Interesse daran haben, ihre Startnummer zu behalten, k\u00f6nnen diese nach dem Lauf abgeben und erhalten daf\u00fcr einen 1\u20ac-Wertgutschein f\u00fcr den Catering-Stand. Dazu muss diese aber <em>unbesch\u00e4digt und unbeschriftet<\/em> sein. Wundert euch also nicht, wenn ihr unterschiedliche Startnummern seht: es ist ein Mix aus neuen und &#8222;alten&#8220; Nummern der vergangenen Jahre.<\/p>\n\n\n\n<p>W\u00e4hrend der Veranstaltung k\u00f6nnen Kaffee und Kaltgetr\u00e4nke sowie Snacks erworben werden. Um den Verbrauch an <strong>Wegwerfgeschirr<\/strong> zu <strong>reduzieren<\/strong>, begr\u00fc\u00dfen wir es ausdr\u00fccklich, wenn bei Bedarf <strong>eigene Tassen\/Becher und<\/strong> gerne auch <strong>Teller<\/strong> mitgebracht werden.<\/p>\n\n\n\n<hr class=\"wp-block-separator has-alpha-channel-opacity\"\/>\n\n\n\n<h3 class=\"wp-block-heading\"><strong>Anfahrt\/Parkm\u00f6glichkeiten:<\/strong><\/h3>\n\n\n\n<p>Der Parkplatz am TVB-Gel\u00e4nde ist am Veranstaltungstag aus organisatorischen Gr\u00fcnden gesperrt. Im Sinne des Klimaschutzes bitten wir euch, auf die Anreise mit dem Pkw nach M\u00f6glichkeit zu verzichten. Das TVB-Gel\u00e4nde ist sehr gut mit \u00f6ffentlichen Verkehrsmitteln zu erreichen. Die Stadtbahnhaltestelle\/Bushaltestelle &#8222;Am Soltekampe&#8220; (Linien 9, 580, 581) ist 600m entfernt, die Bushaltestelle &#8222;Schulzentrum Badenstedt&#8220; 450m (Linie 580) bzw. 250 m (Linie 581). Der Parkplatz der Sporthalle der IGS Badenstedt am Salzweg ist 400m entfernt.&nbsp;<\/p>\n\n\n\n<p><strong>Haftungsausschluss<\/strong><\/p>\n\n\n\n<p>Mit der Meldung erkenne ich die Ausschreibung und den Haftungsausschluss des Veranstalters f\u00fcr Sch\u00e4den aller Art an. Ich werde weder gegen den Veranstalter noch die Sponsoren des Laufes und deren Vertreter Anspr\u00fcche wegen Sch\u00e4den und Verletzungen jeder Art geltend machen, die mir durch meine Teilnahme entstehen k\u00f6nnen. Ich erkl\u00e4re, dass ich f\u00fcr die Teilnahme an diesem Wettbewerb ausreichend trainiert habe und k\u00f6rperlich gesund bin. Das Sanit\u00e4tspersonal ist berechtigt, mich bei bedrohlichen Anzeichen einer Gesundheitssch\u00e4digung aus dem Lauf zu nehmen. Ich bin damit einverstanden, dass die in meiner Anmeldung genannten Daten zum Zwecke der Veranstaltung genutzt werden d\u00fcrfen. Ich versichere die Richtigkeit der von mir gemachten Angaben. Nach meiner Meldung habe ich keinen Anspruch auf R\u00fcckerstattung der Meldegeb\u00fchren. Bei Nichtantritt oder Ausfall der Veranstaltung durch h\u00f6here Gewalt besteht ebenfalls kein Anspruch auf R\u00fcckerstattung der Meldegeb\u00fchren. Ich bin damit einverstanden, dass die im Zusammenhang mit meiner Teilnahme gemachten Fotos, Filmaufnahmen und Interviews im Internet, in Rundfunk, Fernsehen, Printmedien, B\u00fcchern, fotomechanischen Vervielf\u00e4ltigungen, auch zum Zwecke der Werbung ohne Anspruch auf Verg\u00fctung weitergeben, verbreitet und ver\u00f6ffentlicht werden d\u00fcrfen.<br>Hinweis laut DSGVO: Deine Daten werden maschinell gespeichert!<\/p>\n\n\n\n<p><strong><a href=\"https:\/\/my.raceresult.com\/351101\/registration\">Anmeldung<\/a> <\/strong><\/p>\n\n\n\n<figure class=\"wp-block-gallery aligncenter has-nested-images columns-default is-cropped wp-block-gallery-1 is-layout-flex wp-block-gallery-is-layout-flex\"><\/figure>\n\n\n\n<p><\/p>\n","protected":false},"excerpt":{"rendered":"<p>Bitte diesem Link folgen! Zur ANMELDUNG! ____________________________________________________________________ Alte Ausschreibung 11. F\u00f6sselauf Der 11. F\u00f6sselauf am Samstag, 27. September 2025 ist ein genehmigter Volkslauf und Teil der Sparkassen-Laufpass-Serie der Region Hannover. Die Hauptl\u00e4ufe (5 km und 10 km) sind Landschaftsl\u00e4ufe. Es geht \u00fcberwiegend auf fest geschotterten Wegen an der F\u00f6sse entlang. Die Streckenpl\u00e4ne der Hauptl\u00e4ufe werden [&hellip;]<\/p>\n","protected":false},"author":1,"featured_media":0,"parent":0,"menu_order":2,"comment_status":"closed","ping_status":"closed","template":"","meta":{"footnotes":""},"class_list":["post-49","page","type-page","status-publish","hentry"],"_links":{"self":[{"href":"http:\/\/foesselauf.de\/index.php?rest_route=\/wp\/v2\/pages\/49","targetHints":{"allow":["GET"]}}],"collection":[{"href":"http:\/\/foesselauf.de\/index.php?rest_route=\/wp\/v2\/pages"}],"about":[{"href":"http:\/\/foesselauf.de\/index.php?rest_route=\/wp\/v2\/types\/page"}],"author":[{"embeddable":true,"href":"http:\/\/foesselauf.de\/index.php?rest_route=\/wp\/v2\/users\/1"}],"replies":[{"embeddable":true,"href":"http:\/\/foesselauf.de\/index.php?rest_route=%2Fwp%2Fv2%2Fcomments&post=49"}],"version-history":[{"count":44,"href":"http:\/\/foesselauf.de\/index.php?rest_route=\/wp\/v2\/pages\/49\/revisions"}],"predecessor-version":[{"id":410,"href":"http:\/\/foesselauf.de\/index.php?rest_route=\/wp\/v2\/pages\/49\/revisions\/410"}],"wp:attachment":[{"href":"http:\/\/foesselauf.de\/index.php?rest_route=%2Fwp%2Fv2%2Fmedia&parent=49"}],"curies":[{"name":"wp","href":"https:\/\/api.w.org\/{rel}","templated":true}]}}